{"id":126,"date":"2018-07-03T20:37:44","date_gmt":"2018-07-03T18:37:44","guid":{"rendered":"http:\/\/taeleshof.de\/TH\/?page_id=126"},"modified":"2025-08-13T13:16:02","modified_gmt":"2025-08-13T11:16:02","slug":"team","status":"publish","type":"page","link":"https:\/\/taeleshof.de\/TH\/team\/","title":{"rendered":"Team"},"content":{"rendered":"<section class=\"l-section wpb_row height_small\"><div class=\"l-section-h i-cf\"><div class=\"g-cols vc_row via_flex valign_top type_default stacking_default\"><div class=\"vc_col-sm-12 wpb_column vc_column_container\"><div class=\"vc_column-inner\"><div class=\"wpb_wrapper\"><div class=\"wpb_text_column\"><div class=\"wpb_wrapper\"><h1 style=\"text-align: center;\">Unser Team<\/h1>\n<\/div><\/div><\/div><\/div><\/div><\/div><\/div><\/section><section class=\"l-section wpb_row height_small\"><div class=\"l-section-h i-cf\"><div class=\"g-cols vc_row via_flex valign_top type_default stacking_default\"><div class=\"vc_col-sm-2 wpb_column vc_column_container\"><div class=\"vc_column-inner\"><div class=\"wpb_wrapper\"><\/div><\/div><\/div><div class=\"vc_col-sm-4 wpb_column vc_column_container\"><div class=\"vc_column-inner\"><div class=\"wpb_wrapper\"><div class=\"w-person layout_trendy with_desc\" itemscope itemtype=\"https:\/\/schema.org\/Person\"><div class=\"w-person-image\"><img loading=\"lazy\" decoding=\"async\" width=\"350\" height=\"350\" src=\"https:\/\/taeleshof.de\/wp-content\/uploads\/2018\/07\/Team_Karin.jpg\" class=\"attachment-large size-large\" alt=\"\" itemprop=\"image\" srcset=\"https:\/\/taeleshof.de\/wp-content\/uploads\/2018\/07\/Team_Karin.jpg 350w, https:\/\/taeleshof.de\/wp-content\/uploads\/2018\/07\/Team_Karin-150x150.jpg 150w, https:\/\/taeleshof.de\/wp-content\/uploads\/2018\/07\/Team_Karin-300x300.jpg 300w\" sizes=\"auto, (max-width: 350px) 100vw, 350px\" \/><\/div><div class=\"w-person-content\"><h4 itemprop=\"name\" class=\"w-person-name\"><span>Karin Mayer<\/span><\/h4><\/div><div class=\"w-person-content-alt\"><div class=\"w-person-description\" itemprop=\"description\"><p>&#8211; 30 Jahre Pferdeerfahrung<br \/>\n&#8211; Sachkundenachweis Pferdehaltung<br \/>\n&#8211; Ansprechpartner f\u00fcr alle Fragen rund ums Pferd<\/p>\n<\/div><\/div><\/div><\/div><\/div><\/div><div class=\"vc_col-sm-4 wpb_column vc_column_container\"><div class=\"vc_column-inner\"><div class=\"wpb_wrapper\"><div class=\"w-person layout_trendy with_desc\" itemscope itemtype=\"https:\/\/schema.org\/Person\"><div class=\"w-person-image\"><img loading=\"lazy\" decoding=\"async\" width=\"350\" height=\"350\" src=\"https:\/\/taeleshof.de\/wp-content\/uploads\/2018\/07\/Team_Tommy.jpg\" class=\"attachment-large size-large\" alt=\"\" itemprop=\"image\" srcset=\"https:\/\/taeleshof.de\/wp-content\/uploads\/2018\/07\/Team_Tommy.jpg 350w, https:\/\/taeleshof.de\/wp-content\/uploads\/2018\/07\/Team_Tommy-150x150.jpg 150w, https:\/\/taeleshof.de\/wp-content\/uploads\/2018\/07\/Team_Tommy-300x300.jpg 300w\" sizes=\"auto, (max-width: 350px) 100vw, 350px\" \/><\/div><div class=\"w-person-content\"><h4 itemprop=\"name\" class=\"w-person-name\"><span>Thomas Mayer<\/span><\/h4><div class=\"w-person-role\" itemprop=\"jobTitle\">Planung, Technik, Bau<\/div><\/div><div class=\"w-person-content-alt\"><div class=\"w-person-description\" itemprop=\"description\"><p>Einer f\u00fcr alles und im Stall sieht man ihn auch manchmal.<\/p>\n<\/div><\/div><\/div><\/div><\/div><\/div><div class=\"vc_col-sm-2 wpb_column vc_column_container\"><div class=\"vc_column-inner\"><div class=\"wpb_wrapper\"><\/div><\/div><\/div><\/div><\/div><\/section><section class=\"l-section wpb_row height_small\"><div class=\"l-section-h i-cf\"><div class=\"g-cols vc_row via_flex valign_top type_default stacking_default\"><div class=\"vc_col-sm-6 wpb_column vc_column_container\"><div class=\"vc_column-inner\"><div class=\"wpb_wrapper\"><div class=\"w-person layout_trendy with_desc\" itemscope itemtype=\"https:\/\/schema.org\/Person\"><div class=\"w-person-image\"><img loading=\"lazy\" decoding=\"async\" width=\"352\" height=\"399\" src=\"https:\/\/taeleshof.de\/wp-content\/uploads\/2022\/01\/chancho_1.jpg\" class=\"attachment-large size-large\" alt=\"\" itemprop=\"image\" srcset=\"https:\/\/taeleshof.de\/wp-content\/uploads\/2022\/01\/chancho_1.jpg 352w, https:\/\/taeleshof.de\/wp-content\/uploads\/2022\/01\/chancho_1-265x300.jpg 265w\" sizes=\"auto, (max-width: 352px) 100vw, 352px\" \/><\/div><div class=\"w-person-content\"><h4 itemprop=\"name\" class=\"w-person-name\"><span>Chancho<\/span><\/h4><div class=\"w-person-role\" itemprop=\"jobTitle\">Wachhund<\/div><\/div><div class=\"w-person-content-alt\"><div class=\"w-person-description\" itemprop=\"description\"><p>Chancho haben wir seit Novemrb 21. Er kam 6-j\u00e4hrig zu uns.<\/p>\n<\/div><\/div><\/div><\/div><\/div><\/div><div class=\"vc_col-sm-6 wpb_column vc_column_container\"><div class=\"vc_column-inner\"><div class=\"wpb_wrapper\"><div class=\"w-person layout_trendy with_desc\" itemscope itemtype=\"https:\/\/schema.org\/Person\"><div class=\"w-person-image\"><img loading=\"lazy\" decoding=\"async\" width=\"768\" height=\"1024\" src=\"https:\/\/taeleshof.de\/wp-content\/uploads\/2022\/01\/Letti_1-768x1024.jpg\" class=\"attachment-large size-large\" alt=\"\" itemprop=\"image\" srcset=\"https:\/\/taeleshof.de\/wp-content\/uploads\/2022\/01\/Letti_1-768x1024.jpg 768w, https:\/\/taeleshof.de\/wp-content\/uploads\/2022\/01\/Letti_1-e1755083235456-225x300.jpg 225w, https:\/\/taeleshof.de\/wp-content\/uploads\/2022\/01\/Letti_1-e1755083235456.jpg 299w\" sizes=\"auto, (max-width: 768px) 100vw, 768px\" \/><\/div><div class=\"w-person-content\"><h4 itemprop=\"name\" class=\"w-person-name\"><span>Letty<\/span><\/h4><div class=\"w-person-role\" itemprop=\"jobTitle\">Wachhund<\/div><\/div><div class=\"w-person-content-alt\"><div class=\"w-person-description\" itemprop=\"description\"><p>Unsere J\u00fcngste. Im Juli 2017 geboren.<\/p>\n<\/div><\/div><\/div><\/div><\/div><\/div><\/div><\/div><\/section>\n","protected":false},"excerpt":{"rendered":"Unser Team Karin Mayer- 30 Jahre Pferdeerfahrung - Sachkundenachweis Pferdehaltung - Ansprechpartner f\u00fcr alle Fragen rund ums Pferd Thomas MayerPlanung, Technik, BauEiner f\u00fcr alles und im Stall sieht man ihn auch manchmal. ChanchoWachhundChancho haben wir seit Novemrb 21. Er kam 6-j\u00e4hrig zu uns. LettyWachhundUnsere J\u00fcngste. Im Juli 2017 geboren.","protected":false},"author":1,"featured_media":0,"parent":0,"menu_order":0,"comment_status":"closed","ping_status":"closed","template":"","meta":{"footnotes":""},"class_list":["post-126","page","type-page","status-publish","hentry"],"_links":{"self":[{"href":"https:\/\/taeleshof.de\/TH\/wp-json\/wp\/v2\/pages\/126","targetHints":{"allow":["GET"]}}],"collection":[{"href":"https:\/\/taeleshof.de\/TH\/wp-json\/wp\/v2\/pages"}],"about":[{"href":"https:\/\/taeleshof.de\/TH\/wp-json\/wp\/v2\/types\/page"}],"author":[{"embeddable":true,"href":"https:\/\/taeleshof.de\/TH\/wp-json\/wp\/v2\/users\/1"}],"replies":[{"embeddable":true,"href":"https:\/\/taeleshof.de\/TH\/wp-json\/wp\/v2\/comments?post=126"}],"version-history":[{"count":78,"href":"https:\/\/taeleshof.de\/TH\/wp-json\/wp\/v2\/pages\/126\/revisions"}],"predecessor-version":[{"id":753,"href":"https:\/\/taeleshof.de\/TH\/wp-json\/wp\/v2\/pages\/126\/revisions\/753"}],"wp:attachment":[{"href":"https:\/\/taeleshof.de\/TH\/wp-json\/wp\/v2\/media?parent=126"}],"curies":[{"name":"wp","href":"https:\/\/api.w.org\/{rel}","templated":true}]}}